{"id":8097,"date":"2025-03-27T22:48:53","date_gmt":"2025-03-27T21:48:53","guid":{"rendered":"https:\/\/www.belleepoquelakecomo.it\/ausgabe-2025\/"},"modified":"2025-04-16T08:41:58","modified_gmt":"2025-04-16T06:41:58","slug":"ausgabe-2025","status":"publish","type":"page","link":"https:\/\/www.belleepoquelakecomo.it\/de\/ausgabe-2025\/","title":{"rendered":"Ausgabe 2025"},"content":{"rendered":"<p>[et_pb_section fb_built=&#8220;1&#8243; custom_padding_last_edited=&#8220;on|phone&#8220; admin_label=&#8220;Titolo &#8211; L&#8217;Evento&#8220; _builder_version=&#8220;4.27.4&#8243; _module_preset=&#8220;default&#8220; background_image=&#8220;https:\/\/www.belleepoquelakecomo.it\/wp-content\/uploads\/2025\/04\/IMG-20250407-WA0005.jpg&#8220; background_size=&#8220;initial&#8220; min_height=&#8220;384px&#8220; min_height_tablet=&#8220;384px&#8220; min_height_phone=&#8220;384px&#8220; min_height_last_edited=&#8220;on|tablet&#8220; custom_margin=&#8220;||1px||false|false&#8220; custom_margin_tablet=&#8220;||1px||false|false&#8220; custom_margin_phone=&#8220;||0px||false|false&#8220; custom_margin_last_edited=&#8220;on|phone&#8220; custom_padding=&#8220;31px||4px|||&#8220; custom_padding_tablet=&#8220;31px||4px|||&#8220; custom_padding_phone=&#8220;0px||3px||false|false&#8220; top_divider_style=&#8220;waves2&#8243; top_divider_color=&#8220;RGBA(255,255,255,0)&#8220; background_color_phone=&#8220;#FFFFFF&#8220; background_last_edited=&#8220;on|desktop&#8220; background_enable_color_phone=&#8220;on&#8220; background_image_phone=&#8220;https:\/\/www.belleepoquelakecomo.it\/wp-content\/uploads\/2025\/04\/IMG-20250407-WA0005.jpg&#8220; background_enable_image_phone=&#8220;on&#8220; background_size_tablet=&#8220;contain&#8220; background_size_phone=&#8220;contain&#8220; background_position_phone=&#8220;center&#8220; background_enable_mask_style_phone=&#8220;off&#8220; global_colors_info=&#8220;{}&#8220;][\/et_pb_section][et_pb_section fb_built=&#8220;1&#8243; _builder_version=&#8220;4.24.0&#8243; background_enable_image=&#8220;off&#8220; transform_translate=&#8220;0px|18px&#8220; transform_translate_linked=&#8220;off&#8220; min_height=&#8220;908px&#8220; custom_margin=&#8220;||||false|false&#8220; custom_padding=&#8220;||1px|||&#8220; global_colors_info=&#8220;{}&#8220;][et_pb_row _builder_version=&#8220;4.27.4&#8243; _module_preset=&#8220;default&#8220; custom_margin=&#8220;-35px||||false|false&#8220; global_colors_info=&#8220;{}&#8220;][et_pb_column type=&#8220;4_4&#8243; _builder_version=&#8220;4.24.0&#8243; _module_preset=&#8220;default&#8220; global_colors_info=&#8220;{}&#8220;][et_pb_text _builder_version=&#8220;4.27.4&#8243; _module_preset=&#8220;default&#8220; text_font=&#8220;Cormorant Garamond||||||||&#8220; text_font_size=&#8220;27px&#8220; text_line_height=&#8220;1.8em&#8220; global_colors_info=&#8220;{}&#8220;]<\/p>\n<p>Die dritte Ausgabe der Belle \u00c8poque am Comer See findet am <strong>15. Juni <\/strong>statt. In diesem Jahr werden wir zum ersten Mal G\u00e4ste der Gemeinde <strong>Mandello Del Lario<\/strong> sein.<\/p>\n<p>[\/et_pb_text][\/et_pb_column][\/et_pb_row][et_pb_row column_structure=&#8220;1_2,1_2&#8243; _builder_version=&#8220;4.24.0&#8243; _module_preset=&#8220;default&#8220; global_colors_info=&#8220;{}&#8220;][et_pb_column type=&#8220;1_2&#8243; _builder_version=&#8220;4.24.0&#8243; _module_preset=&#8220;default&#8220; global_colors_info=&#8220;{}&#8220;][et_pb_text _builder_version=&#8220;4.27.4&#8243; _module_preset=&#8220;default&#8220; min_height=&#8220;623.6px&#8220; custom_padding=&#8220;0px|||||&#8220; inline_fonts=&#8220;Cormorant Garamond&#8220; global_colors_info=&#8220;{}&#8220;]<\/p>\n<p><span style=\"color: #0c71c3; font-family: Cormorant Garamond; font-weight: normal; font-size: x-large;\"><strong>Programm des Tages:<\/strong><\/span><span style=\"color: #0c71c3;\"><strong><\/strong><\/span><\/p>\n<p><span style=\"font-family: Tahoma;\">Die Fahrzeuge, die an der Veranstaltung teilnehmen, werden auf der <strong>Piazza Garibaldi <\/strong>in <strong>Mandello del Lario <\/strong> <strong>von<\/strong> ca. <strong>9 Uhr bis 15 Uhr<\/strong> zu sehen sein.  <\/span><\/p>\n<p><span style=\"font-family: Tahoma;\">Um <strong>10 Uhr<\/strong> gibt es eine kurze Parade durch die Stra\u00dfen von Mandello mit R\u00fcckkehr zum Platz, wo es eine <strong>kurze Beschreibung der Fahrzeuge<\/strong> gibt und die \u00d6ffentlichkeit die M\u00f6glichkeit hat, an der <strong>Volksabstimmung<\/strong> zur Wahl des &#8218;beliebtesten&#8216; Fahrzeugs teilzunehmen.<br \/>Die Preisverleihung findet ab 14.30 Uhr wieder auf der Piazza Garibaldi statt.<\/span><\/p>\n<p><span style=\"font-family: Tahoma;\">Auf der <strong>Piazza Italia<\/strong> wird von ca. 9 bis 12 Uhr eine Auswahl an hundert Jahre alten Fahrzeugen zu sehen sein.  <\/span><\/p>\n<p>Von etwa 10:00 bis 11:00 Uhr findet auf der Piazza Garibaldi eine <strong>Parade mit historischen Kost\u00fcmen<\/strong> statt, um das Publikum zu unterhalten, w\u00e4hrend sich die Fahrzeuge durch die Stra\u00dfen von Mandello schl\u00e4ngeln.<\/p>\n<p><span style=\"font-family: Tahoma;\">Der Tag findet begleitet von der Originalmusik von <a href=\"https:\/\/manoucherie.it\/\">Manoucherie <\/a> statt.<\/span><\/p>\n<p><span style=\"font-family: Tahoma;\">Bei schlechtem Wetter findet die Veranstaltung trotzdem statt, aber hoffen wir auf Sonnenschein!<\/span><span style=\"color: #0c71c3;\"><strong><\/strong><\/span><\/p>\n<p>Wenn Sie an der Ausgabe 2025 von Belle \u00c8poque Comer See teilnehmen m\u00f6chten, schreiben Sie bitte an <a href=\"mailto:info@belleepoquelakecomo.it\">info@belleepoquelakecomo.it<\/a> oder f\u00fcllen Sie das Formular auf der rechten Seite aus und geben Sie an: Name Nachname, Modell und Alter des Fahrzeugs.<br \/>Wir werden Ihnen antworten und Ihnen das Teilnahmeformular zusenden.<span style=\"font-family: Tahoma;\"><\/span><\/p>\n<p>Wenn Sie weitere Informationen ben\u00f6tigen, k\u00f6nnen Sie uns kontaktieren, indem Sie an <a href=\"mailto:info@belleepoquelakecomo.it\">info@belleepoquelakecomo.it<\/a> schreiben<\/p>\n<p>[\/et_pb_text][et_pb_button button_url=&#8220;@ET-DC@eyJkeW5hbWljIjp0cnVlLCJjb250ZW50IjoicG9zdF9saW5rX3VybF9hdHRhY2htZW50Iiwic2V0dGluZ3MiOnsicG9zdF9pZCI6IjgwNDAiLCJlbmFibGVfaHRtbCI6Im9mZiJ9fQ==@&#8220; url_new_window=&#8220;on&#8220; button_text=&#8220;Poster herunterladen&#8220; _builder_version=&#8220;4.27.4&#8243; _dynamic_attributes=&#8220;button_url&#8220; _module_preset=&#8220;default&#8220; global_colors_info=&#8220;{}&#8220;][\/et_pb_button][et_pb_button button_url=&#8220;@ET-DC@eyJkeW5hbWljIjp0cnVlLCJjb250ZW50IjoicG9zdF9saW5rX3VybF9hdHRhY2htZW50Iiwic2V0dGluZ3MiOnsicG9zdF9pZCI6Ijc5MjkiLCJlbmFibGVfaHRtbCI6Im9mZiJ9fQ==@&#8220; url_new_window=&#8220;on&#8220; button_text=&#8220;Download der Regeln  &#8220; _builder_version=&#8220;4.27.4&#8243; _dynamic_attributes=&#8220;button_url&#8220; _module_preset=&#8220;default&#8220; global_colors_info=&#8220;{}&#8220;][\/et_pb_button][\/et_pb_column][et_pb_column type=&#8220;1_2&#8243; _builder_version=&#8220;4.24.0&#8243; _module_preset=&#8220;default&#8220; global_colors_info=&#8220;{}&#8220;][et_pb_text _builder_version=&#8220;4.27.4&#8243; _module_preset=&#8220;default&#8220; text_font_size=&#8220;15px&#8220; custom_padding=&#8220;||0px|||&#8220; inline_fonts=&#8220;Cormorant Garamond&#8220; global_colors_info=&#8220;{}&#8220;]<\/p>\n<p><span style=\"color: #0c71c3; font-family: Cormorant Garamond; font-weight: normal; font-size: x-large;\"><strong>Die Manifestation:<\/strong><\/span><\/p>\n<ul>\n<li><strong>Die Anzahl der Pl\u00e4tze ist begrenzt,<\/strong> weshalb eine Voranmeldung erforderlich ist.<\/li>\n<li>Es ist zwei- und vierr\u00e4drigen Fahrzeugen mit einem Zulassungsjahr vor 1950 <strong>vorbehalten<\/strong>,<\/li>\n<li>Es ist den Besatzungen <strong>vorbehalten<\/strong>, deren Kleidung dem Alter des Fahrzeugs entspricht<\/li>\n<\/ul>\n<p>Die Teilnehmer werden gebeten, bis zur Siegerehrung gekleidet zu bleiben.<\/p>\n<p><span style=\"color: #0c71c3; font-family: Cormorant Garamond; font-weight: normal; font-size: x-large;\"><strong>Das Publikum:<\/strong><\/span><\/p>\n<p>Die Veranstaltung findet auf dem Platz statt, alle Anwesenden sind eingeladen, Teil der Volksjury zu werden und f\u00fcr ihre Lieblingsfahrzeuge abzustimmen. Jeder, der in zeitgen\u00f6ssischer Kleidung erscheinen m\u00f6chte, hilft uns, den Tag noch besonderer zu machen.<\/p>\n<p>Wir hoffen, dass viele von Ihnen kommen!!<\/p>\n<p>[\/et_pb_text][et_pb_contact_form email=&#8220;info@belleepoquelakecomo.it&#8220; success_message=&#8220;Nachricht korrekt gesendet. Sie werden schnellstm\u00f6glich kontaktiert.&#8220; _builder_version=&#8220;4.24.0&#8243; _module_preset=&#8220;default&#8220; _unique_id=&#8220;48597cb5-5226-4d40-b731-6f5385b6472d&#8220; global_colors_info=&#8220;{}&#8220;][et_pb_contact_field field_id=&#8220;Name&#8220; field_title=&#8220;Vorname&#8220; _builder_version=&#8220;4.16&#8243; global_colors_info=&#8220;{}&#8220; button_text_size__hover_enabled=&#8220;off&#8220; button_one_text_size__hover_enabled=&#8220;off&#8220; button_two_text_size__hover_enabled=&#8220;off&#8220; button_text_color__hover_enabled=&#8220;off&#8220; button_one_text_color__hover_enabled=&#8220;off&#8220; button_two_text_color__hover_enabled=&#8220;off&#8220; button_border_width__hover_enabled=&#8220;off&#8220; button_one_border_width__hover_enabled=&#8220;off&#8220; button_two_border_width__hover_enabled=&#8220;off&#8220; button_border_color__hover_enabled=&#8220;off&#8220; button_one_border_color__hover_enabled=&#8220;off&#8220; button_two_border_color__hover_enabled=&#8220;off&#8220; button_border_radius__hover_enabled=&#8220;off&#8220; button_one_border_radius__hover_enabled=&#8220;off&#8220; button_two_border_radius__hover_enabled=&#8220;off&#8220; button_letter_spacing__hover_enabled=&#8220;off&#8220; button_one_letter_spacing__hover_enabled=&#8220;off&#8220; button_two_letter_spacing__hover_enabled=&#8220;off&#8220; button_bg_color__hover_enabled=&#8220;off&#8220; button_one_bg_color__hover_enabled=&#8220;off&#8220; button_two_bg_color__hover_enabled=&#8220;off&#8220;][\/et_pb_contact_field][et_pb_contact_field field_id=&#8220;Email&#8220; field_title=&#8220;E-Mail-Adresse&#8220; field_type=&#8220;email&#8220; _builder_version=&#8220;4.16&#8243; global_colors_info=&#8220;{}&#8220; button_text_size__hover_enabled=&#8220;off&#8220; button_one_text_size__hover_enabled=&#8220;off&#8220; button_two_text_size__hover_enabled=&#8220;off&#8220; button_text_color__hover_enabled=&#8220;off&#8220; button_one_text_color__hover_enabled=&#8220;off&#8220; button_two_text_color__hover_enabled=&#8220;off&#8220; button_border_width__hover_enabled=&#8220;off&#8220; button_one_border_width__hover_enabled=&#8220;off&#8220; button_two_border_width__hover_enabled=&#8220;off&#8220; button_border_color__hover_enabled=&#8220;off&#8220; button_one_border_color__hover_enabled=&#8220;off&#8220; button_two_border_color__hover_enabled=&#8220;off&#8220; button_border_radius__hover_enabled=&#8220;off&#8220; button_one_border_radius__hover_enabled=&#8220;off&#8220; button_two_border_radius__hover_enabled=&#8220;off&#8220; button_letter_spacing__hover_enabled=&#8220;off&#8220; button_one_letter_spacing__hover_enabled=&#8220;off&#8220; button_two_letter_spacing__hover_enabled=&#8220;off&#8220; button_bg_color__hover_enabled=&#8220;off&#8220; button_one_bg_color__hover_enabled=&#8220;off&#8220; button_two_bg_color__hover_enabled=&#8220;off&#8220;][\/et_pb_contact_field][et_pb_contact_field field_id=&#8220;Message&#8220; field_title=&#8220;Denken Sie daran, Marke, Modell und Zulassungsjahr des Fahrzeugs anzugeben, mit dem Sie teilnehmen m\u00f6chten, sowie einige Details zur gew\u00e4hlten Kleidung. Wenn Sie m\u00f6chten, k\u00f6nnen Sie Anekdoten oder Geschichten hinzuf\u00fcgen, die uns helfen k\u00f6nnen, von Ihnen w\u00e4hrend der Parade besser erz\u00e4hlen. &#8220; field_type=&#8220;text&#8220; fullwidth_field=&#8220;on&#8220; _builder_version=&#8220;4.24.0&#8243; global_colors_info=&#8220;{}&#8220; button_text_size__hover_enabled=&#8220;off&#8220; button_one_text_size__hover_enabled=&#8220;off&#8220; button_two_text_size__hover_enabled=&#8220;off&#8220; button_text_color__hover_enabled=&#8220;off&#8220; button_one_text_color__hover_enabled=&#8220;off&#8220; button_two_text_color__hover_enabled=&#8220;off&#8220; button_border_width__hover_enabled=&#8220;off&#8220; button_one_border_width__hover_enabled=&#8220;off&#8220; button_two_border_width__hover_enabled=&#8220;off&#8220; button_border_color__hover_enabled=&#8220;off&#8220; button_one_border_color__hover_enabled=&#8220;off&#8220; button_two_border_color__hover_enabled=&#8220;off&#8220; button_border_radius__hover_enabled=&#8220;off&#8220; button_one_border_radius__hover_enabled=&#8220;off&#8220; button_two_border_radius__hover_enabled=&#8220;off&#8220; button_letter_spacing__hover_enabled=&#8220;off&#8220; button_one_letter_spacing__hover_enabled=&#8220;off&#8220; button_two_letter_spacing__hover_enabled=&#8220;off&#8220; button_bg_color__hover_enabled=&#8220;off&#8220; button_one_bg_color__hover_enabled=&#8220;off&#8220; button_two_bg_color__hover_enabled=&#8220;off&#8220;][\/et_pb_contact_field][\/et_pb_contact_form][\/et_pb_column][\/et_pb_row][et_pb_row _builder_version=&#8220;4.27.4&#8243; _module_preset=&#8220;default&#8220; border_width_top=&#8220;1px&#8220; border_color_top=&#8220;#000000&#8243; global_colors_info=&#8220;{}&#8220;][et_pb_column type=&#8220;4_4&#8243; _builder_version=&#8220;4.24.0&#8243; _module_preset=&#8220;default&#8220; global_colors_info=&#8220;{}&#8220;][et_pb_countdown_timer title=&#8220;15. Juni 2025&#8243; date_time=&#8220;2025-06-15 09:00&#8243; _builder_version=&#8220;4.27.4&#8243; _module_preset=&#8220;default&#8220; header_level=&#8220;h2&#8243; header_font=&#8220;Cormorant Garamond||||||||&#8220; header_text_color=&#8220;rgba(0,0,0,0.58)&#8220; header_font_size=&#8220;31px&#8220; header_letter_spacing=&#8220;5px&#8220; numbers_font=&#8220;Poppins||||||||&#8220; numbers_font_size=&#8220;22px&#8220; numbers_line_height=&#8220;41px&#8220; separator_line_height=&#8220;38px&#8220; label_font_size=&#8220;10px&#8220; background_color=&#8220;rgba(0,0,0,0.05)&#8220; background_layout=&#8220;light&#8220; numbers_font_tablet=&#8220;Poppins||||||||&#8220; numbers_font_phone=&#8220;Poppins||||||||&#8220; numbers_font_last_edited=&#8220;on|phone&#8220; separator_font_tablet=&#8220;&#8220; separator_font_phone=&#8220;&#8220; separator_font_last_edited=&#8220;on|phone&#8220; label_font_tablet=&#8220;&#8220; label_font_phone=&#8220;&#8220; label_font_last_edited=&#8220;on|phone&#8220; border_color_all=&#8220;#000000&#8243; global_colors_info=&#8220;{}&#8220;][\/et_pb_countdown_timer][\/et_pb_column][\/et_pb_row][\/et_pb_section][et_pb_section fb_built=&#8220;1&#8243; _builder_version=&#8220;4.27.4&#8243; _module_preset=&#8220;default&#8220; top_divider_color=&#8220;rgba(0,0,0,0.27)&#8220; top_divider_height=&#8220;54px&#8220; border_width_top=&#8220;3px&#8220; global_colors_info=&#8220;{}&#8220;][et_pb_row column_structure=&#8220;1_3,1_3,1_3&#8243; _builder_version=&#8220;4.27.4&#8243; _module_preset=&#8220;default&#8220; width=&#8220;auto&#8220; module_alignment=&#8220;center&#8220; global_colors_info=&#8220;{}&#8220;][et_pb_column type=&#8220;1_3&#8243; _builder_version=&#8220;4.27.4&#8243; _module_preset=&#8220;default&#8220; global_colors_info=&#8220;{}&#8220;][et_pb_text admin_label=&#8220;Con il Patrocinio&#8220; _builder_version=&#8220;4.24.0&#8243; _module_preset=&#8220;default&#8220; text_font=&#8220;Cormorant Garamond|600|||||||&#8220; text_font_size=&#8220;27px&#8220; background_enable_color=&#8220;off&#8220; global_colors_info=&#8220;{}&#8220;]<\/p>\n<p style=\"text-align: center;\"><strong>Mit der Schirmherrschaft:<\/strong><\/p>\n<p>[\/et_pb_text][et_pb_image src=&#8220;https:\/\/www.belleepoquelakecomo.it\/wp-content\/uploads\/2025\/02\/logoufficialeMandelloColori-scaled.jpg&#8220; title_text=&#8220;Logo+offiziell+Mandello+Farben&#8220; url=&#8220;https:\/\/www.comune.mandello.lc.it\/it-it\/home&#8220; url_new_window=&#8220;on&#8220; align=&#8220;center&#8220; _builder_version=&#8220;4.27.4&#8243; _module_preset=&#8220;default&#8220; module_alignment=&#8220;center&#8220; max_height=&#8220;100px&#8220; global_colors_info=&#8220;{}&#8220;][\/et_pb_image][\/et_pb_column][et_pb_column type=&#8220;1_3&#8243; _builder_version=&#8220;4.27.4&#8243; _module_preset=&#8220;default&#8220; global_colors_info=&#8220;{}&#8220;][et_pb_text admin_label=&#8220;Con il Patrocinio&#8220; _builder_version=&#8220;4.27.4&#8243; _module_preset=&#8220;default&#8220; text_font=&#8220;Cormorant Garamond|600|||||||&#8220; text_font_size=&#8220;27px&#8220; background_enable_color=&#8220;off&#8220; global_colors_info=&#8220;{}&#8220;]<\/p>\n<p style=\"text-align: center;\"><strong>In Zusammenarbeit mit:<\/strong><\/p>\n<p>[\/et_pb_text][et_pb_image src=&#8220;https:\/\/www.belleepoquelakecomo.it\/wp-content\/uploads\/2025\/02\/logo_memoria.jpg&#8220; title_text=&#8220;logo_memory&#8220; align=&#8220;center&#8220; _builder_version=&#8220;4.27.4&#8243; _module_preset=&#8220;default&#8220; module_alignment=&#8220;center&#8220; max_height=&#8220;100px&#8220; global_colors_info=&#8220;{}&#8220;][\/et_pb_image][et_pb_image src=&#8220;https:\/\/www.belleepoquelakecomo.it\/wp-content\/uploads\/2025\/03\/omg.jpg&#8220; title_text=&#8220;omg&#8220; align=&#8220;center&#8220; _builder_version=&#8220;4.27.4&#8243; _module_preset=&#8220;default&#8220; max_height=&#8220;100px&#8220; global_colors_info=&#8220;{}&#8220;][\/et_pb_image][\/et_pb_column][et_pb_column type=&#8220;1_3&#8243; _builder_version=&#8220;4.27.4&#8243; _module_preset=&#8220;default&#8220; global_colors_info=&#8220;{}&#8220;][et_pb_text admin_label=&#8220;Con il Patrocinio&#8220; _builder_version=&#8220;4.27.4&#8243; _module_preset=&#8220;default&#8220; text_font=&#8220;Cormorant Garamond|600|||||||&#8220; text_font_size=&#8220;27px&#8220; background_enable_color=&#8220;off&#8220; text_orientation=&#8220;center&#8220; global_colors_info=&#8220;{}&#8220;]<\/p>\n<p style=\"text-align: center;\"><strong>Veranstaltung:<\/strong><\/p>\n<p>[\/et_pb_text][et_pb_image src=&#8220;https:\/\/www.belleepoquelakecomo.it\/wp-content\/uploads\/2025\/03\/FIVA.jpg&#8220; title_text=&#8220;FIVA&#8220; url=&#8220;https:\/\/www.fiva.org\/en\/event\/893&#8243; url_new_window=&#8220;on&#8220; align=&#8220;center&#8220; _builder_version=&#8220;4.27.4&#8243; _module_preset=&#8220;default&#8220; module_alignment=&#8220;center&#8220; max_height=&#8220;100px&#8220; global_colors_info=&#8220;{}&#8220;][\/et_pb_image][et_pb_image src=&#8220;https:\/\/www.belleepoquelakecomo.it\/wp-content\/uploads\/2025\/03\/ASI.jpg&#8220; title_text=&#8220;ASI&#8220; url=&#8220;https:\/\/asifed.odoo.com\/event\/belle-epoque-lake-como-2748\/register&#8220; url_new_window=&#8220;on&#8220; align=&#8220;center&#8220; _builder_version=&#8220;4.27.4&#8243; _module_preset=&#8220;default&#8220; module_alignment=&#8220;center&#8220; max_height=&#8220;100px&#8220; global_colors_info=&#8220;{}&#8220;][\/et_pb_image][et_pb_image src=&#8220;https:\/\/www.belleepoquelakecomo.it\/wp-content\/uploads\/2025\/04\/ASI-Solidale.png&#8220; title_text=&#8220;ASI-Solidale&#8220; url_new_window=&#8220;on&#8220; align=&#8220;center&#8220; _builder_version=&#8220;4.27.4&#8243; _module_preset=&#8220;default&#8220; module_alignment=&#8220;center&#8220; max_height=&#8220;100px&#8220; global_colors_info=&#8220;{}&#8220;][\/et_pb_image][\/et_pb_column][\/et_pb_row][\/et_pb_section][et_pb_section fb_built=&#8220;1&#8243; _builder_version=&#8220;4.27.4&#8243; _module_preset=&#8220;default&#8220; min_height=&#8220;422.2px&#8220; top_divider_color=&#8220;rgba(0,0,0,0.27)&#8220; top_divider_height=&#8220;54px&#8220; border_width_top=&#8220;3px&#8220; global_module=&#8220;7888&#8243; saved_tabs=&#8220;all&#8220; global_colors_info=&#8220;{}&#8220;][et_pb_row _builder_version=&#8220;4.24.0&#8243; _module_preset=&#8220;default&#8220; global_colors_info=&#8220;{}&#8220;][et_pb_column type=&#8220;4_4&#8243; _builder_version=&#8220;4.24.0&#8243; _module_preset=&#8220;default&#8220; global_colors_info=&#8220;{}&#8220;][et_pb_text admin_label=&#8220;Sponsor&#8220; _builder_version=&#8220;4.27.4&#8243; _module_preset=&#8220;default&#8220; text_font=&#8220;Cormorant Garamond|&#8211;et_global_heading_font_weight||on|||||&#8220; text_font_size=&#8220;26px&#8220; text_letter_spacing=&#8220;1px&#8220; background_enable_color=&#8220;off&#8220; text_orientation=&#8220;center&#8220; global_colors_info=&#8220;{}&#8220;]<\/p>\n<p style=\"text-align: left;\"><strong>Sponsor der Veranstaltung:<\/strong><\/p>\n<p>[\/et_pb_text][\/et_pb_column][\/et_pb_row][et_pb_row _builder_version=&#8220;4.27.4&#8243; _module_preset=&#8220;default&#8220; min_height=&#8220;153px&#8220; global_colors_info=&#8220;{}&#8220;][et_pb_column type=&#8220;4_4&#8243; _builder_version=&#8220;4.27.4&#8243; _module_preset=&#8220;default&#8220; global_colors_info=&#8220;{}&#8220;][ba_logo_carousel use_pagi=&#8220;on&#8220; slide_count=&#8220;4&#8243; css_transition=&#8220;linear&#8220; nav_height=&#8220;48px&#8220; nav_width=&#8220;48px&#8220; nav_color=&#8220;#ffffff&#8220; nav_bg=&#8220;#3979ff&#8220; icon_left=&#8220;&#xf104;||fa||900&#8243; icon_right=&#8220;&#xf105;||fa||900&#8243; logo_height=&#8220;113px&#8220; logo_width=&#8220;300px&#8220; _builder_version=&#8220;4.27.4&#8243; _module_preset=&#8220;default&#8220; link_option_url_new_window=&#8220;on&#8220; global_colors_info=&#8220;{}&#8220;][ba_logo_carousel_child logo=&#8220;https:\/\/www.belleepoquelakecomo.it\/wp-content\/uploads\/2025\/03\/PneumaticiValtellina-2.jpg&#8220; brand_name=&#8220;Reifen_Valtellina&#8220; is_link=&#8220;on&#8220; link_url=&#8220;https:\/\/www.pneumaticivaltellina.com&#8220; link_options=&#8220;on|off&#8220; _builder_version=&#8220;4.27.4&#8243; global_colors_info=&#8220;{}&#8220;][\/ba_logo_carousel_child][ba_logo_carousel_child logo=&#8220;https:\/\/www.belleepoquelakecomo.it\/wp-content\/uploads\/2025\/03\/Prandi.jpg&#8220; brand_name=&#8220;Azienda_Agricola_Prandi_Paolo&#8220; _builder_version=&#8220;4.27.4&#8243; global_colors_info=&#8220;{}&#8220;][\/ba_logo_carousel_child][ba_logo_carousel_child logo=&#8220;https:\/\/www.belleepoquelakecomo.it\/wp-content\/uploads\/2025\/03\/FreschiSapori-1.jpg&#8220; brand_name=&#8220;Frische_Aromen&#8220; is_link=&#8220;on&#8220; link_url=&#8220;https:\/\/freschisapori.com\/&#8220; link_options=&#8220;on|off&#8220; _builder_version=&#8220;4.27.4&#8243; global_colors_info=&#8220;{}&#8220;][\/ba_logo_carousel_child][ba_logo_carousel_child logo=&#8220;https:\/\/www.belleepoquelakecomo.it\/wp-content\/uploads\/2025\/03\/OreficeriaBosisio.jpg&#8220; brand_name=&#8220;Bosisio_Victor&#8220; is_link=&#8220;on&#8220; link_url=&#8220;https:\/\/www.bosisiovictor.com\/&#8220; link_options=&#8220;on|off&#8220; _builder_version=&#8220;4.27.4&#8243; _module_preset=&#8220;default&#8220; global_colors_info=&#8220;{}&#8220;][\/ba_logo_carousel_child][ba_logo_carousel_child logo=&#8220;https:\/\/www.belleepoquelakecomo.it\/wp-content\/uploads\/2025\/03\/Sammontana-1.jpg&#8220; brand_name=&#8220;Neu_Aliment\u00e4r&#8220; _builder_version=&#8220;4.27.4&#8243; global_colors_info=&#8220;{}&#8220;][\/ba_logo_carousel_child][ba_logo_carousel_child logo=&#8220;https:\/\/www.belleepoquelakecomo.it\/wp-content\/uploads\/2025\/03\/GugiattiLuciano.jpg&#8220; brand_name=&#8220;Gugiatti_Luciano&#8220; _builder_version=&#8220;4.27.4&#8243; global_colors_info=&#8220;{}&#8220;][\/ba_logo_carousel_child][ba_logo_carousel_child logo=&#8220;https:\/\/www.belleepoquelakecomo.it\/wp-content\/uploads\/2025\/03\/Paruscio.jpg&#8220; brand_name=&#8220;Paruscio_Mario&#8220; _builder_version=&#8220;4.27.4&#8243; _module_preset=&#8220;default&#8220; global_colors_info=&#8220;{}&#8220;][\/ba_logo_carousel_child][ba_logo_carousel_child logo=&#8220;https:\/\/www.belleepoquelakecomo.it\/wp-content\/uploads\/2025\/03\/Nesa.jpg&#8220; brand_name=&#8220;Fioreria_Nesa&#8220; is_link=&#8220;on&#8220; link_url=&#8220;https:\/\/www.fioristanesasondrio.it\/&#8220; link_options=&#8220;on|off&#8220; _builder_version=&#8220;4.27.4&#8243; _module_preset=&#8220;default&#8220; global_colors_info=&#8220;{}&#8220;][\/ba_logo_carousel_child][ba_logo_carousel_child logo=&#8220;https:\/\/www.belleepoquelakecomo.it\/wp-content\/uploads\/2025\/03\/LCG.jpg&#8220; brand_name=&#8220;Workshop_LCG&#8220; is_link=&#8220;on&#8220; link_url=&#8220;https:\/\/www.officinalcg.com\/&#8220; link_options=&#8220;on|off&#8220; _builder_version=&#8220;4.27.4&#8243; _module_preset=&#8220;default&#8220; global_colors_info=&#8220;{}&#8220;][\/ba_logo_carousel_child][ba_logo_carousel_child logo=&#8220;https:\/\/www.belleepoquelakecomo.it\/wp-content\/uploads\/2025\/03\/Gema_2.jpg&#8220; brand_name=&#8220;Gema_System&#8220; is_link=&#8220;on&#8220; link_url=&#8220;https:\/\/www.gemasystem.it\/&#8220; link_options=&#8220;on|off&#8220; _builder_version=&#8220;4.27.4&#8243; _module_preset=&#8220;default&#8220; global_colors_info=&#8220;{}&#8220;][\/ba_logo_carousel_child][ba_logo_carousel_child logo=&#8220;https:\/\/www.belleepoquelakecomo.it\/wp-content\/uploads\/2025\/03\/Conad-1.jpg&#8220; brand_name=&#8220;Conad&#8220; _builder_version=&#8220;4.27.4&#8243; _module_preset=&#8220;default&#8220; global_colors_info=&#8220;{}&#8220;][\/ba_logo_carousel_child][ba_logo_carousel_child logo=&#8220;https:\/\/www.belleepoquelakecomo.it\/wp-content\/uploads\/2025\/03\/Lazzari-1.jpg&#8220; brand_name=&#8220;Aurelio_Lazzari&#8220; is_link=&#8220;on&#8220; link_url=&#8220;https:\/\/www.assicurazionischena.it\/agenzie\/sede-di-delebio&#8220; link_options=&#8220;on|off&#8220; _builder_version=&#8220;4.27.4&#8243; _module_preset=&#8220;default&#8220; global_colors_info=&#8220;{}&#8220;][\/ba_logo_carousel_child][ba_logo_carousel_child logo=&#8220;https:\/\/www.belleepoquelakecomo.it\/wp-content\/uploads\/2025\/04\/GP.jpg&#8220; brand_name=&#8220;GP_System&#8220; _builder_version=&#8220;4.27.4&#8243; _module_preset=&#8220;default&#8220; global_colors_info=&#8220;{}&#8220;][\/ba_logo_carousel_child][ba_logo_carousel_child logo=&#8220;https:\/\/www.belleepoquelakecomo.it\/wp-content\/uploads\/2025\/03\/Feval-1.jpg&#8220; brand_name=&#8220;Fieber&#8220; is_link=&#8220;on&#8220; link_url=&#8220;https:\/\/www.feval.it\/&#8220; link_options=&#8220;on|off&#8220; _builder_version=&#8220;4.27.4&#8243; _module_preset=&#8220;default&#8220; global_colors_info=&#8220;{}&#8220;][\/ba_logo_carousel_child][ba_logo_carousel_child logo=&#8220;https:\/\/www.belleepoquelakecomo.it\/wp-content\/uploads\/2025\/04\/Sofia_Silvestri-1.jpg&#8220; brand_name=&#8220;Sofia_Silvestri&#8220; _builder_version=&#8220;4.27.4&#8243; _module_preset=&#8220;default&#8220; global_colors_info=&#8220;{}&#8220;][\/ba_logo_carousel_child][ba_logo_carousel_child logo=&#8220;https:\/\/www.belleepoquelakecomo.it\/wp-content\/uploads\/2025\/04\/Gieffe.jpg&#8220; brand_name=&#8220;Gieffe_Srl&#8220; _builder_version=&#8220;4.27.4&#8243; _module_preset=&#8220;default&#8220; global_colors_info=&#8220;{}&#8220;][\/ba_logo_carousel_child][ba_logo_carousel_child logo=&#8220;https:\/\/www.belleepoquelakecomo.it\/wp-content\/uploads\/2025\/04\/Brunalli_Bruno.jpg&#8220; brand_name=&#8220;Brunalli_Bruno&#8220; _builder_version=&#8220;4.27.4&#8243; _module_preset=&#8220;default&#8220; global_colors_info=&#8220;{}&#8220;][\/ba_logo_carousel_child][\/ba_logo_carousel][\/et_pb_column][\/et_pb_row][\/et_pb_section][et_pb_section fb_built=&#8220;1&#8243; _builder_version=&#8220;4.27.4&#8243; _module_preset=&#8220;default&#8220; border_width_top=&#8220;3px&#8220; border_color_top=&#8220;#000000&#8243; global_colors_info=&#8220;{}&#8220;][et_pb_row _builder_version=&#8220;4.24.0&#8243; _module_preset=&#8220;default&#8220; global_colors_info=&#8220;{}&#8220;][et_pb_column type=&#8220;4_4&#8243; _builder_version=&#8220;4.24.0&#8243; _module_preset=&#8220;default&#8220; global_colors_info=&#8220;{}&#8220;][et_pb_text admin_label=&#8220;Sponsor&#8220; _builder_version=&#8220;4.27.4&#8243; _module_preset=&#8220;default&#8220; text_font=&#8220;Cormorant Garamond|&#8211;et_global_heading_font_weight||on|||||&#8220; text_font_size=&#8220;26px&#8220; text_letter_spacing=&#8220;1px&#8220; background_enable_color=&#8220;off&#8220; text_orientation=&#8220;center&#8220; global_colors_info=&#8220;{}&#8220;]<\/p>\n<p style=\"text-align: left;\"><strong>Mit der Beteiligung von:<\/strong><\/p>\n<p>[\/et_pb_text][\/et_pb_column][\/et_pb_row][et_pb_row column_structure=&#8220;1_5,1_5,1_5,1_5,1_5&#8243; _builder_version=&#8220;4.27.4&#8243; _module_preset=&#8220;default&#8220; global_colors_info=&#8220;{}&#8220;][et_pb_column type=&#8220;1_5&#8243; _builder_version=&#8220;4.27.4&#8243; _module_preset=&#8220;default&#8220; global_colors_info=&#8220;{}&#8220;][et_pb_image src=&#8220;https:\/\/www.belleepoquelakecomo.it\/wp-content\/uploads\/2024\/02\/Cavem.png&#8220; title_text=&#8220;Cavem&#8220; url=&#8220;https:\/\/www.cavem.it\/&#8220; url_new_window=&#8220;on&#8220; align=&#8220;center&#8220; _builder_version=&#8220;4.27.4&#8243; _module_preset=&#8220;default&#8220; width=&#8220;71%&#8220; global_colors_info=&#8220;{}&#8220;][\/et_pb_image][\/et_pb_column][et_pb_column type=&#8220;1_5&#8243; _builder_version=&#8220;4.27.4&#8243; _module_preset=&#8220;default&#8220; global_colors_info=&#8220;{}&#8220;][et_pb_image src=&#8220;https:\/\/www.belleepoquelakecomo.it\/wp-content\/uploads\/2025\/04\/Club_Orobico.jpg&#8220; title_text=&#8220;Orobic_Club&#8220; url=&#8220;https:\/\/www.cluborobico.it\/&#8220; url_new_window=&#8220;on&#8220; align=&#8220;center&#8220; _builder_version=&#8220;4.27.4&#8243; _module_preset=&#8220;default&#8220; width=&#8220;70%&#8220; max_width=&#8220;70%&#8220; global_colors_info=&#8220;{}&#8220;][\/et_pb_image][\/et_pb_column][et_pb_column type=&#8220;1_5&#8243; _builder_version=&#8220;4.27.4&#8243; _module_preset=&#8220;default&#8220; global_colors_info=&#8220;{}&#8220;][et_pb_image src=&#8220;https:\/\/www.belleepoquelakecomo.it\/wp-content\/uploads\/2024\/02\/LambrettaClubMilano.png&#8220; title_text=&#8220;LambrettaClubMilano&#8220; url=&#8220;https:\/\/www.lambrettaclubmilano.it\/&#8220; url_new_window=&#8220;on&#8220; align=&#8220;center&#8220; _builder_version=&#8220;4.27.4&#8243; _module_preset=&#8220;default&#8220; width=&#8220;70%&#8220; global_colors_info=&#8220;{}&#8220;][\/et_pb_image][\/et_pb_column][et_pb_column type=&#8220;1_5&#8243; _builder_version=&#8220;4.27.4&#8243; _module_preset=&#8220;default&#8220; global_colors_info=&#8220;{}&#8220;][et_pb_image src=&#8220;https:\/\/www.belleepoquelakecomo.it\/wp-content\/uploads\/2024\/02\/Antiche_Moto_Brianza.png&#8220; title_text=&#8220;Antiche_Moto_Brianza&#8220; align=&#8220;center&#8220; _builder_version=&#8220;4.27.4&#8243; _module_preset=&#8220;default&#8220; global_colors_info=&#8220;{}&#8220;][\/et_pb_image][\/et_pb_column][et_pb_column type=&#8220;1_5&#8243; _builder_version=&#8220;4.27.4&#8243; _module_preset=&#8220;default&#8220; global_colors_info=&#8220;{}&#8220;][et_pb_image src=&#8220;https:\/\/www.belleepoquelakecomo.it\/wp-content\/uploads\/2025\/04\/Garage_Storico.jpg&#8220; title_text=&#8220;Garage_Storisch&#8220; align=&#8220;center&#8220; _builder_version=&#8220;4.27.4&#8243; _module_preset=&#8220;default&#8220; global_colors_info=&#8220;{}&#8220;][\/et_pb_image][\/et_pb_column][\/et_pb_row][\/et_pb_section]<\/p>\n","protected":false},"excerpt":{"rendered":"<p>Die dritte Ausgabe der Belle \u00c8poque am Comer See findet am 15. Juni statt. In diesem Jahr werden wir zum ersten Mal G\u00e4ste der Gemeinde Mandello Del Lario sein.Programm des Tages: Die Fahrzeuge, die an der Veranstaltung teilnehmen, werden auf der Piazza Garibaldi in Mandello del Lario von ca. 9 Uhr bis 15 Uhr zu [&hellip;]<\/p>\n","protected":false},"author":2,"featured_media":0,"parent":0,"menu_order":0,"comment_status":"closed","ping_status":"closed","template":"","meta":{"_et_pb_use_builder":"on","_et_pb_old_content":"","_et_gb_content_width":"","footnotes":""},"class_list":["post-8097","page","type-page","status-publish","hentry"],"_links":{"self":[{"href":"https:\/\/www.belleepoquelakecomo.it\/de\/wp-json\/wp\/v2\/pages\/8097","targetHints":{"allow":["GET"]}}],"collection":[{"href":"https:\/\/www.belleepoquelakecomo.it\/de\/wp-json\/wp\/v2\/pages"}],"about":[{"href":"https:\/\/www.belleepoquelakecomo.it\/de\/wp-json\/wp\/v2\/types\/page"}],"author":[{"embeddable":true,"href":"https:\/\/www.belleepoquelakecomo.it\/de\/wp-json\/wp\/v2\/users\/2"}],"replies":[{"embeddable":true,"href":"https:\/\/www.belleepoquelakecomo.it\/de\/wp-json\/wp\/v2\/comments?post=8097"}],"version-history":[{"count":2,"href":"https:\/\/www.belleepoquelakecomo.it\/de\/wp-json\/wp\/v2\/pages\/8097\/revisions"}],"predecessor-version":[{"id":8099,"href":"https:\/\/www.belleepoquelakecomo.it\/de\/wp-json\/wp\/v2\/pages\/8097\/revisions\/8099"}],"wp:attachment":[{"href":"https:\/\/www.belleepoquelakecomo.it\/de\/wp-json\/wp\/v2\/media?parent=8097"}],"curies":[{"name":"wp","href":"https:\/\/api.w.org\/{rel}","templated":true}]}}