{"id":7475,"date":"2024-06-12T18:36:54","date_gmt":"2024-06-12T16:36:54","guid":{"rendered":"https:\/\/www.belleepoquelakecomo.it\/gallery-2024\/"},"modified":"2024-06-24T23:23:01","modified_gmt":"2024-06-24T21:23:01","slug":"gallery-2024","status":"publish","type":"page","link":"https:\/\/www.belleepoquelakecomo.it\/de\/gallery\/gallery-2024\/","title":{"rendered":"Gallery &#8211; 2024"},"content":{"rendered":"<p>[et_pb_section fb_built=&#8220;1&#8243; admin_label=&#8220;Titolo &#8211; Rassegna Stampa&#8220; _builder_version=&#8220;4.24.0&#8243; _module_preset=&#8220;default&#8220; background_image=&#8220;https:\/\/www.belleepoquelakecomo.it\/wp-content\/uploads\/2024\/02\/IMG-20230619-WA0267.jpg&#8220; background_enable_mask_style=&#8220;on&#8220; background_mask_style=&#8220;arch&#8220; background_mask_aspect_ratio=&#8220;portrait&#8220; background_mask_blend_mode=&#8220;lighten&#8220; custom_margin=&#8220;||-59px|||&#8220; top_divider_style=&#8220;waves2&#8243; top_divider_color=&#8220;RGBA(255,255,255,0)&#8220; background_last_edited=&#8220;on|phone&#8220; background_enable_mask_style_phone=&#8220;off&#8220; global_colors_info=&#8220;{}&#8220;][et_pb_row _builder_version=&#8220;4.24.0&#8243; custom_margin=&#8220;70px||||false|false&#8220; custom_padding=&#8220;0px||||false|false&#8220; locked=&#8220;off&#8220; global_colors_info=&#8220;{}&#8220;][et_pb_column type=&#8220;4_4&#8243; _builder_version=&#8220;4.16&#8243; custom_padding=&#8220;|||&#8220; global_colors_info=&#8220;{}&#8220; custom_padding__hover=&#8220;|||&#8220;][et_pb_text content_tablet=&#8220;<\/p>\n<h1>Gallery<\/h1>\n<p>&#8220; content_phone=&#8220;<\/p>\n<h1 style=%22text-align: center;%22>Gallery<\/h1>\n<p>&#8220; content_last_edited=&#8220;on|phone&#8220; admin_label=&#8220;Subheading&#8220; _builder_version=&#8220;4.24.0&#8243; text_font=&#8220;Cormorant Garamond||||||||&#8220; text_font_size=&#8220;1px&#8220; text_line_height=&#8220;1.8em&#8220; link_font=&#8220;||||||||&#8220; ul_font=&#8220;||||||||&#8220; header_font=&#8220;Cormorant Garamond||||||||&#8220; header_text_align=&#8220;left&#8220; header_font_size=&#8220;72px&#8220; header_letter_spacing=&#8220;5px&#8220; header_line_height=&#8220;1.5em&#8220; header_2_font=&#8220;||||||||&#8220; header_3_font=&#8220;||||||||&#8220; header_3_font_size=&#8220;45px&#8220; header_3_line_height=&#8220;1.5em&#8220; header_4_font=&#8220;||||||||&#8220; header_5_font=&#8220;Poppins|700||on|||||&#8220; header_5_text_color=&#8220;#ecd5c5&#8243; header_5_letter_spacing=&#8220;15px&#8220; header_5_line_height=&#8220;1.8em&#8220; max_width=&#8220;938px&#8220; max_width_tablet=&#8220;100%&#8220; max_width_phone=&#8220;100%&#8220; max_width_last_edited=&#8220;off|desktop&#8220; module_alignment=&#8220;center&#8220; min_height=&#8220;76.5px&#8220; custom_margin=&#8220;|20px|10px||false|false&#8220; custom_padding=&#8220;0px||||false|false&#8220; header_font_tablet=&#8220;Cormorant Garamond||||||||&#8220; header_font_phone=&#8220;Cormorant Garamond||||||||&#8220; header_font_last_edited=&#8220;on|phone&#8220; background_color_phone=&#8220;rgba(255,255,255,0.83)&#8220; background_last_edited=&#8220;on|phone&#8220; background_enable_color_phone=&#8220;on&#8220; locked=&#8220;off&#8220; global_colors_info=&#8220;{}&#8220;]<\/p>\n<h1>Colico 2024<\/h1>\n<p>[\/et_pb_text][\/et_pb_column][\/et_pb_row][\/et_pb_section][et_pb_section fb_built=&#8220;1&#8243; _builder_version=&#8220;4.24.0&#8243; _module_preset=&#8220;default&#8220; background_color=&#8220;rgba(116,158,193,0.58)&#8220; custom_margin=&#8220;80px||||false|false&#8220; custom_padding=&#8220;0px||0px||false|false&#8220; global_colors_info=&#8220;{}&#8220;][et_pb_row _builder_version=&#8220;4.24.0&#8243; _module_preset=&#8220;default&#8220; global_colors_info=&#8220;{}&#8220;][et_pb_column type=&#8220;4_4&#8243; _builder_version=&#8220;4.24.0&#8243; _module_preset=&#8220;default&#8220; global_colors_info=&#8220;{}&#8220;][et_pb_text _builder_version=&#8220;4.25.2&#8243; _module_preset=&#8220;default&#8220; text_font=&#8220;Poppins|||on|||||&#8220; text_font_size=&#8220;20px&#8220; text_letter_spacing=&#8220;5px&#8220; text_line_height=&#8220;1em&#8220; hover_enabled=&#8220;0&#8243; global_colors_info=&#8220;{}&#8220; sticky_enabled=&#8220;0&#8243;]<\/p>\n<p>Foto und Video<\/p>\n<p>[\/et_pb_text][\/et_pb_column][\/et_pb_row][\/et_pb_section][et_pb_section fb_built=&#8220;1&#8243; _builder_version=&#8220;4.16&#8243; min_height=&#8220;908px&#8220; custom_margin=&#8220;-5px|||||&#8220; global_colors_info=&#8220;{}&#8220;][et_pb_row _builder_version=&#8220;4.24.0&#8243; _module_preset=&#8220;default&#8220; global_colors_info=&#8220;{}&#8220;][et_pb_column type=&#8220;4_4&#8243; _builder_version=&#8220;4.24.0&#8243; _module_preset=&#8220;default&#8220; global_colors_info=&#8220;{}&#8220;][et_pb_text _builder_version=&#8220;4.25.2&#8243; _module_preset=&#8220;default&#8220; global_colors_info=&#8220;{}&#8220;]<\/p>\n<p>Nachfolgend finden Sie eine Auswahl von Fotos, die w\u00e4hrend der zweiten Ausgabe der Belle \u00c9poque am Comer See aufgenommen wurden, sowie das Video, das Sonntag, den 9. Juni 2024 in Colico dokumentiert.<\/p>\n<p>Danke f\u00fcr die Fotos: <strong>Ortensio <\/strong> <strong>Olivo <\/strong> und <strong>Giancarlo Roman<\/strong>. Wir danken auch allen, die im Bereich \u201eIhre Fotos\u201c mitarbeiten m\u00f6chten.<\/p>\n<p>F\u00fcr die Erstellung des Videos des Tages gilt unser Dank <strong>Elisa Bruno<\/strong> und <a href=\"https:\/\/videoclip-torrini.jimdosite.com\/\" target=\"_blank\" rel=\"noopener\"><strong>Leonardo Torrini,<\/strong><\/a> die sich um die Dreharbeiten und den Schnitt gek\u00fcmmert haben. Die Musik stammt urspr\u00fcnglich von <strong><a href=\"https:\/\/manoucherie.it\/\" target=\"_blank\" rel=\"noopener\">Manoucherie.<\/a><\/strong><\/p>\n<p>[\/et_pb_text][\/et_pb_column][\/et_pb_row][et_pb_row column_structure=&#8220;1_2,1_2&#8243; _builder_version=&#8220;4.24.0&#8243; custom_margin=&#8220;-40px||||false|false&#8220; custom_padding=&#8220;60px|0px|60px|0px|true|false&#8220; global_colors_info=&#8220;{}&#8220;][et_pb_column type=&#8220;1_2&#8243; _builder_version=&#8220;4.16&#8243; custom_padding=&#8220;|||&#8220; global_colors_info=&#8220;{}&#8220; custom_padding__hover=&#8220;|||&#8220;][et_pb_blurb title=&#8220;Farbfotos&#8220; image=&#8220;https:\/\/www.belleepoquelakecomo.it\/wp-content\/uploads\/2024\/06\/BelleEpoque_2024-121-1.jpg&#8220; _builder_version=&#8220;4.24.0&#8243; _dynamic_attributes=&#8220;link_option_url&#8220; header_font=&#8220;Cormorant Garamond||||||||&#8220; header_font_size=&#8220;30px&#8220; header_line_height=&#8220;1.5em&#8220; body_font=&#8220;Cormorant Garamond||||||||&#8220; body_font_size=&#8220;20px&#8220; body_line_height=&#8220;1.8em&#8220; text_orientation=&#8220;center&#8220; animation_style=&#8220;fade&#8220; animation=&#8220;off&#8220; link_option_url=&#8220;@ET-DC@eyJkeW5hbWljIjp0cnVlLCJjb250ZW50IjoicG9zdF9saW5rX3VybF9wYWdlIiwic2V0dGluZ3MiOnsicG9zdF9pZCI6IjI0ODkifX0=@&#8220; border_width_all_image=&#8220;10px&#8220; border_color_all_image=&#8220;#ffffff&#8220; box_shadow_style_image=&#8220;preset5&#8243; box_shadow_vertical_image=&#8220;0px&#8220; box_shadow_spread_image=&#8220;1px&#8220; box_shadow_color_image=&#8220;#c4beb9&#8243; global_colors_info=&#8220;{}&#8220;]<\/p>\n<p>Alle Fotos wurden w\u00e4hrenddessen in Colico aufgenommen<br \/>die zweite Ausgabe von Belle \u00c9poque Lake Como<\/p>\n<p>[\/et_pb_blurb][et_pb_blurb title=&#8220;Die Auszeichnungen&#8220; image=&#8220;https:\/\/www.belleepoquelakecomo.it\/wp-content\/uploads\/2024\/06\/BelleEpoque_2024_premiazioni-157-1.jpg&#8220; _builder_version=&#8220;4.24.0&#8243; _dynamic_attributes=&#8220;link_option_url&#8220; header_font=&#8220;Cormorant Garamond||||||||&#8220; header_font_size=&#8220;30px&#8220; header_line_height=&#8220;1.5em&#8220; body_font=&#8220;Cormorant Garamond||||||||&#8220; body_font_size=&#8220;20px&#8220; body_line_height=&#8220;1.8em&#8220; text_orientation=&#8220;center&#8220; animation_style=&#8220;fade&#8220; animation=&#8220;off&#8220; link_option_url=&#8220;@ET-DC@eyJkeW5hbWljIjp0cnVlLCJjb250ZW50IjoicG9zdF9saW5rX3VybF9wYWdlIiwic2V0dGluZ3MiOnsicG9zdF9pZCI6IjQxMDAifX0=@&#8220; border_width_all_image=&#8220;10px&#8220; border_color_all_image=&#8220;#ffffff&#8220; box_shadow_style_image=&#8220;preset5&#8243; box_shadow_vertical_image=&#8220;0px&#8220; box_shadow_spread_image=&#8220;1px&#8220; box_shadow_color_image=&#8220;#c4beb9&#8243; global_colors_info=&#8220;{}&#8220;]<\/p>\n<p>Die Fotos im Auditorium, die von den Preisen, den Preisverleihungen, den Gewinnern, den Eissorten&#8230;<\/p>\n<p>[\/et_pb_blurb][\/et_pb_column][et_pb_column type=&#8220;1_2&#8243; _builder_version=&#8220;4.16&#8243; custom_padding=&#8220;|||&#8220; global_colors_info=&#8220;{}&#8220; custom_padding__hover=&#8220;|||&#8220;][et_pb_blurb title=&#8220;Sepia-Foto&#8220; image=&#8220;https:\/\/www.belleepoquelakecomo.it\/wp-content\/uploads\/2024\/06\/BelleEpoque_2024_seppia-114.jpg&#8220; _builder_version=&#8220;4.24.0&#8243; _dynamic_attributes=&#8220;link_option_url&#8220; header_font=&#8220;Cormorant Garamond||||||||&#8220; header_font_size=&#8220;30px&#8220; header_line_height=&#8220;1.5em&#8220; body_font=&#8220;Cormorant Garamond||||||||&#8220; body_font_size=&#8220;20px&#8220; body_line_height=&#8220;1.8em&#8220; text_orientation=&#8220;center&#8220; animation_style=&#8220;fade&#8220; animation_delay=&#8220;200ms&#8220; animation=&#8220;off&#8220; link_option_url=&#8220;@ET-DC@eyJkeW5hbWljIjp0cnVlLCJjb250ZW50IjoicG9zdF9saW5rX3VybF9wYWdlIiwic2V0dGluZ3MiOnsicG9zdF9pZCI6IjMzMDIifX0=@&#8220; border_width_all_image=&#8220;10px&#8220; border_color_all_image=&#8220;#ffffff&#8220; box_shadow_style_image=&#8220;preset5&#8243; box_shadow_vertical_image=&#8220;0px&#8220; box_shadow_spread_image=&#8220;1px&#8220; box_shadow_color_image=&#8220;#c4beb9&#8243; locked=&#8220;off&#8220; global_colors_info=&#8220;{}&#8220;]<\/p>\n<p>Auf eine Auswahl der Fotos, die unserer Meinung nach f\u00fcr die Veranstaltung geeignet waren, wurde ein Sepia-Effekt angewendet.<\/p>\n<p>[\/et_pb_blurb][et_pb_blurb title=&#8220;Deine Fotos&#8220; image=&#8220;https:\/\/www.belleepoquelakecomo.it\/wp-content\/uploads\/2024\/06\/Foppoli_04.jpg&#8220; _builder_version=&#8220;4.24.0&#8243; _dynamic_attributes=&#8220;link_option_url&#8220; header_font=&#8220;Cormorant Garamond||||||||&#8220; header_font_size=&#8220;30px&#8220; header_line_height=&#8220;1.5em&#8220; body_font=&#8220;Cormorant Garamond||||||||&#8220; body_font_size=&#8220;20px&#8220; body_line_height=&#8220;1.8em&#8220; image_icon_custom_padding=&#8220;25px||25px||false|false&#8220; text_orientation=&#8220;center&#8220; custom_margin=&#8220;0px||||false|false&#8220; custom_padding=&#8220;0px||||false|false&#8220; animation_style=&#8220;fade&#8220; animation_delay=&#8220;200ms&#8220; animation=&#8220;off&#8220; link_option_url=&#8220;@ET-DC@eyJkeW5hbWljIjp0cnVlLCJjb250ZW50IjoicG9zdF9saW5rX3VybF9wYWdlIiwic2V0dGluZ3MiOnsicG9zdF9pZCI6IjQ4NjEifX0=@&#8220; border_width_all_image=&#8220;10px&#8220; border_color_all_image=&#8220;#ffffff&#8220; box_shadow_style_image=&#8220;preset5&#8243; box_shadow_vertical_image=&#8220;0px&#8220; box_shadow_spread_image=&#8220;1px&#8220; box_shadow_color_image=&#8220;#c4beb9&#8243; locked=&#8220;off&#8220; global_colors_info=&#8220;{}&#8220;]<\/p>\n<p>Bei den \u201einoffiziellen\u201c Fotos handelt es sich um Fotos, die von Teilnehmern, Passanten, Freunden, Verwandten usw. gemacht wurden.<\/p>\n<p>[\/et_pb_blurb][\/et_pb_column][\/et_pb_row][et_pb_row _builder_version=&#8220;4.25.2&#8243; _module_preset=&#8220;default&#8220; custom_padding=&#8220;8px|||||&#8220; border_width_all=&#8220;1px&#8220; border_color_all=&#8220;rgba(0,0,0,0.37)&#8220; global_colors_info=&#8220;{}&#8220;][et_pb_column type=&#8220;4_4&#8243; _builder_version=&#8220;4.25.2&#8243; _module_preset=&#8220;default&#8220; global_colors_info=&#8220;{}&#8220;][et_pb_video_slider _builder_version=&#8220;4.25.2&#8243; _module_preset=&#8220;default&#8220; custom_margin=&#8220;3px|10px|-11px|10px|false|false&#8220; custom_padding=&#8220;0px||0px||false|false&#8220; global_colors_info=&#8220;{}&#8220;][et_pb_video_slider_item src=&#8220;https:\/\/www.youtube.com\/watch?v=4fn-EbCPiKs&amp;list=PLhi9y9-woNxrHZQ7TZP-WnfqhXVIK07UY&#8220; _builder_version=&#8220;4.25.2&#8243; _module_preset=&#8220;default&#8220; global_colors_info=&#8220;{}&#8220; show_image_overlay=&#8220;off&#8220;][\/et_pb_video_slider_item][\/et_pb_video_slider][\/et_pb_column][\/et_pb_row][et_pb_row _builder_version=&#8220;4.24.0&#8243; _module_preset=&#8220;default&#8220; global_colors_info=&#8220;{}&#8220;][et_pb_column type=&#8220;4_4&#8243; _builder_version=&#8220;4.24.0&#8243; _module_preset=&#8220;default&#8220; global_colors_info=&#8220;{}&#8220;][et_pb_icon font_icon=&#8220;&#x48;||divi||400&#8243; icon_width=&#8220;42px&#8220; url=&#8220;@ET-DC@eyJkeW5hbWljIjp0cnVlLCJjb250ZW50IjoicG9zdF9saW5rX3VybF9wYWdlIiwic2V0dGluZ3MiOnsicG9zdF9pZCI6IjEwNiJ9fQ==@&#8220; _builder_version=&#8220;4.24.0&#8243; _dynamic_attributes=&#8220;url&#8220; _module_preset=&#8220;default&#8220; custom_margin=&#8220;||||false|false&#8220; custom_padding=&#8220;||||false|false&#8220; global_colors_info=&#8220;{}&#8220;][\/et_pb_icon][\/et_pb_column][\/et_pb_row][\/et_pb_section]<\/p>\n","protected":false},"excerpt":{"rendered":"<p>Colico 2024Foto und VideoNachfolgend finden Sie eine Auswahl von Fotos, die w\u00e4hrend der zweiten Ausgabe der Belle \u00c9poque am Comer See aufgenommen wurden, sowie das Video, das Sonntag, den 9. Juni 2024 in Colico dokumentiert. Danke f\u00fcr die Fotos: Ortensio Olivo und Giancarlo Roman. Wir danken auch allen, die im Bereich \u201eIhre Fotos\u201c mitarbeiten m\u00f6chten. [&hellip;]<\/p>\n","protected":false},"author":2,"featured_media":0,"parent":7460,"menu_order":0,"comment_status":"closed","ping_status":"closed","template":"","meta":{"_et_pb_use_builder":"on","_et_pb_old_content":"","_et_gb_content_width":"","footnotes":""},"class_list":["post-7475","page","type-page","status-publish","hentry"],"_links":{"self":[{"href":"https:\/\/www.belleepoquelakecomo.it\/de\/wp-json\/wp\/v2\/pages\/7475","targetHints":{"allow":["GET"]}}],"collection":[{"href":"https:\/\/www.belleepoquelakecomo.it\/de\/wp-json\/wp\/v2\/pages"}],"about":[{"href":"https:\/\/www.belleepoquelakecomo.it\/de\/wp-json\/wp\/v2\/types\/page"}],"author":[{"embeddable":true,"href":"https:\/\/www.belleepoquelakecomo.it\/de\/wp-json\/wp\/v2\/users\/2"}],"replies":[{"embeddable":true,"href":"https:\/\/www.belleepoquelakecomo.it\/de\/wp-json\/wp\/v2\/comments?post=7475"}],"version-history":[{"count":3,"href":"https:\/\/www.belleepoquelakecomo.it\/de\/wp-json\/wp\/v2\/pages\/7475\/revisions"}],"predecessor-version":[{"id":7478,"href":"https:\/\/www.belleepoquelakecomo.it\/de\/wp-json\/wp\/v2\/pages\/7475\/revisions\/7478"}],"up":[{"embeddable":true,"href":"https:\/\/www.belleepoquelakecomo.it\/de\/wp-json\/wp\/v2\/pages\/7460"}],"wp:attachment":[{"href":"https:\/\/www.belleepoquelakecomo.it\/de\/wp-json\/wp\/v2\/media?parent=7475"}],"curies":[{"name":"wp","href":"https:\/\/api.w.org\/{rel}","templated":true}]}}